{"id":6786,"date":"2022-12-21T12:13:18","date_gmt":"2022-12-21T12:13:18","guid":{"rendered":"https:\/\/forst.qodeinteractive.com\/?page_id=3"},"modified":"2024-05-31T10:39:35","modified_gmt":"2024-05-31T08:39:35","slug":"privacy-policy","status":"publish","type":"page","link":"https:\/\/thesolo.house\/it\/privacy-policy\/","title":{"rendered":"Privacy Policy"},"content":{"rendered":"<div data-elementor-type=\"wp-page\" data-elementor-id=\"6786\" class=\"elementor elementor-6786\">\n\t\t\t\t<div class=\"elementor-element elementor-element-3a9af21f e-flex e-con-boxed e-con e-parent\" data-id=\"3a9af21f\" data-element_type=\"container\" data-e-type=\"container\">\n\t\t\t\t\t<div class=\"e-con-inner\">\n\t\t\t\t<div class=\"elementor-element elementor-element-17e68add elementor-widget elementor-widget-text-editor\" data-id=\"17e68add\" data-element_type=\"widget\" data-e-type=\"widget\" data-widget_type=\"text-editor.default\">\n\t\t\t\t<div class=\"elementor-widget-container\">\n\t\t\t\t\t\t\t\t\t\n<h2 class=\"wp-block-heading\">Informativa sul trattamento dei dati personali Ex Artt. 13 e 14 del regolamento UE 2016\/679<\/h2>\n\t\t\t\t\t\t\t\t<\/div>\n\t\t\t\t<\/div>\n\t\t\t\t<div class=\"elementor-element elementor-element-c12a90b elementor-widget elementor-widget-text-editor\" data-id=\"c12a90b\" data-element_type=\"widget\" data-e-type=\"widget\" data-widget_type=\"text-editor.default\">\n\t\t\t\t<div class=\"elementor-widget-container\">\n\t\t\t\t\t\t\t\t\t<h6><\/h6>\n<h6 class=\"wp-block-heading\"><strong>Soggetti Interessati: clienti e referenti presso aziende cliente.<br \/><br \/>THE SOLO HOUSE S.R.L\u00a0<\/strong>nella qualit\u00e0 di titolare del trattamento dei Suoi dati personali (il \u201c<strong>Titolare<\/strong>\u201d), ai sensi e per gli effetti del Regolamento UE 2016\/679 (di seguito \u201c<strong>GDPR<\/strong>\u201d), per mezzo del presente documento La informa, in qualit\u00e0 di soggetto interessato (l\u2019\u201c<strong>Interessato<\/strong>\u201d), che la citata normativa prevede la tutela degli interessati rispetto al trattamento dei dati personali e che tale trattamento sar\u00e0 improntato ai principi di correttezza, liceit\u00e0, trasparenza e di tutela della Sua riservatezza e dei Suoi diritti.<br \/><br \/>I Suoi dati personali verranno trattati in accordo alle disposizioni legislative della normativa sopra richiamata e degli obblighi di riservatezza ivi previsti.<\/h6>\n<h6><strong>Finalit\u00e0 di trattamento<\/strong>: in particolare i Suoi dati verranno trattati per le seguenti finalit\u00e0 connesse all&#8217;attuazione di adempimenti relativi ad obblighi legislativi o contrattuali:<br \/><br \/>\u2022 Adempimenti obbligatori per legge in campo fiscale e contabile<br \/>\u2022 Assistenza post-vendita<br \/>\u2022 Gestione del contenzioso<br \/>\u2022 Gestione della clientela<br \/>\u2022 Programmazione delle attivit\u00e0<br \/>\u2022 Rilevazione del grado di soddisfazione della clientela <br \/>\u2022 Storico fatturazione clienti<\/h6>\n<h6><br \/>Il trattamento dei dati funzionali per l&#8217;espletamento di tali obblighi \u00e8 necessario per una corretta gestione del rapporto e il loro conferimento \u00e8 obbligatorio per attuare le finalit\u00e0 sopra indicate. Il Titolare rende noto, inoltre, che l&#8217;eventuale non comunicazione, o comunicazione errata, di una delle informazioni obbligatorie, pu\u00f2 causare l&#8217;impossibilit\u00e0 del Titolare di garantire la congruit\u00e0 del trattamento stesso.<\/h6>\n<h6><strong>Modalit\u00e0 del trattamento<\/strong>: i suoi dati personali potranno essere trattati nei seguenti modi: <br \/><br \/>\u2022 Affidamento a terzi di operazioni di elaborazione<br \/>\u2022 Trattamento a mezzo di calcolatori elettronici<br \/>\u2022 Trattamento manuale a mezzo di archivi cartacei<\/h6>\n<h6>Ogni trattamento avviene nel rispetto delle modalit\u00e0 di cui agli artt. 6, 32 del GDPR e mediante l&#8217;adozione delle adeguate misure di sicurezza previste.<\/h6>\n<h6><strong>Comunicazione<\/strong>: i suoi dati saranno comunicati esclusivamente a soggetti competenti e debitamente nominati per l&#8217;espletamento dei servizi necessari ad una corretta gestione del rapporto, con garanzia di tutela dei diritti dell&#8217;interessato.<br \/><br \/>I suoi dati saranno trattati unicamente da personale espressamente autorizzato dal Titolare ed, in particolare, dalle seguenti categorie di addetti:<br \/><br \/>\u2022 Ufficio Operativo<br \/>\u2022 Ufficio Amministrazione<\/h6>\n<h6>I suoi dati potranno essere comunicati a terzi debitamente nominati Responsabili al trattamento, in particolare a:<br \/><br \/>\u2022 Consulenti e liberi professionisti, anche in forma associata<br \/>\u2022 Banche e istituti di credito<\/h6>\n<h6><strong>Diffusione<\/strong>: I suoi dati personali non verranno diffusi in alcun modo.<\/h6>\n<h6><strong>Periodo di Conservazione:\u00a0<\/strong>Le segnaliamo che, nel rispetto dei principi di liceit\u00e0, limitazione delle finalit\u00e0 e minimizzazione dei dati, ai sensi dell\u2019art. 5 del GDPR, il periodo di conservazione dei Suoi dati personali \u00e8:<br \/><br \/>\u2022 Stabilito per un arco di tempo non superiore al conseguimento delle finalit\u00e0 per le quali sono raccolti e trattati per l&#8217;esecuzione e l&#8217;espletamento delle finalit\u00e0 contrattuali<\/h6>\n<h6>\u2022 Stabilito per un arco di tempo non superiore all&#8217;espletamento dei servizi erogati<\/h6>\n<h6>\u2022 Stabilito per un arco di tempo non superiore al conseguimento delle finalit\u00e0 per le quali sono raccolti e trattati e nel rispetto dei tempi obbligatori prescritti dalla legge.<\/h6>\n<h6><strong>Reg.to UE 2016\/679: Artt. 15, 16, 17, 18, 19, 20, 21, 22 &#8211; Diritti dell&#8217;Interessato<br \/><\/strong><\/h6>\n<h6>1. L&#8217;interessato ha diritto di ottenere la conferma dell&#8217;esistenza o meno di dati personali che lo riguardano, anche se non ancora registrati, e la loro comunicazione in forma intelligibile.<br \/><br \/>2. L&#8217;interessato ha diritto di ottenere l&#8217;indicazione: dell&#8217;origine dei dati personali; delle finalit\u00e0 e modalit\u00e0 del trattamento; della logica applicata in caso di trattamento effettuato con l&#8217;ausilio di strumenti elettronici; degli estremi identificativi del titolare, dei responsabili e del rappresentante designato ai sensi dell&#8217;articolo 5, comma 2; dei soggetti o delle categorie di soggetti ai quali i dati personali possono essere comunicati o che possono venirne a conoscenza in qualit\u00e0 di rappresentante designato nel territorio dello Stato, di responsabili o incaricati.<br \/><br \/>3. L&#8217;interessato ha diritto di ottenere: l&#8217;aggiornamento, la rettificazione ovvero, quando vi ha interesse, l&#8217;integrazione dei dati; la cancellazione, la trasformazione in forma anonima o il blocco dei dati trattati in violazione di legge, compresi quelli di cui non \u00e8 necessaria la conservazione in relazione agli scopi per i quali i dati sono stati raccolti o successivamente trattati; l&#8217;attestazione che le operazioni di cui alle lettere a) e b) sono state portate a conoscenza, anche per quanto riguarda il loro contenuto, di coloro ai quali i dati sono stati comunicati o diffusi, eccettuato il caso in cui tale adempimento si rivela impossibile o comporta un impiego di mezzi manifestamente sproporzionato rispetto al diritto tutelato; la portabilit\u00e0 dei dati.<br \/><br \/>4. L&#8217;interessato ha diritto di opporsi, in tutto o in parte: per motivi legittimi al trattamento dei dati personali che lo riguardano, ancorch\u00e9 pertinenti allo scopo della raccolta; al trattamento di dati personali che lo riguardano a fini di invio di materiale pubblicitario o di vendita diretta o per il compimento di ricerche di mercato o di comunicazione commerciale.<br \/><br \/><br \/><strong>Soggetti Interessati: fornitori e referenti presso aziende fornitrici.<\/strong><\/h6>\n<h6><strong><br \/>THE SOLO HOUSE S.R.L\u00a0<\/strong>nella qualit\u00e0 di titolare del trattamento dei Suoi dati personali (il \u201c<strong>Titolare<\/strong>\u201d), ai sensi e per gli effetti del Regolamento UE 2016\/679 (di seguito \u201c<strong>GDPR<\/strong>\u201d), per mezzo del presente documento La informa, in qualit\u00e0 di soggetto interessato (l\u2019\u201c<strong>Interessato<\/strong>\u201d), che la citata normativa prevede la tutela degli interessati rispetto al trattamento dei dati personali e che tale trattamento sar\u00e0 improntato ai principi di correttezza, liceit\u00e0, trasparenza e di tutela della Sua riservatezza e dei Suoi diritti.<br \/><br \/>I Suoi dati personali verranno trattati in accordo alle disposizioni legislative della normativa sopra richiamata e degli obblighi di riservatezza ivi previsti.<br \/><br \/><strong>Finalit\u00e0 di trattamento<\/strong>: in particolare i Suoi dati verranno trattati per le seguenti finalit\u00e0 connesse all&#8217;attuazione di adempimenti relativi ad obblighi legislativi o contrattuali:<br \/><br \/>\u2022 Adempimenti obbligatori per legge in campo fiscale e contabile<br \/>\u2022 Gestione dei fornitori<br \/>\u2022 Obblighi previsti dalle leggi vigenti <br \/>\u2022 Programmazione delle attivit\u00e0<br \/>\u2022 Storico ordini forniture<br \/><br \/>Il trattamento dei dati funzionali per l&#8217;espletamento di tali obblighi \u00e8 necessario per una corretta gestione del rapporto e il loro conferimento \u00e8 obbligatorio per attuare le finalit\u00e0 sopra indicate. Il Titolare rende noto, inoltre, che l&#8217;eventuale non comunicazione, o comunicazione errata, di una delle informazioni obbligatorie, pu\u00f2 causare l&#8217;impossibilit\u00e0 del Titolare di garantire la congruit\u00e0 del trattamento stesso.<\/h6>\n<h6><strong>Modalit\u00e0 del trattamento<\/strong>: i suoi dati personali potranno essere trattati nei seguenti modi: <br \/><br \/>\u2022 Affidamento a terzi di operazioni di elaborazione<br \/>\u2022 Trattamento a mezzo di calcolatori elettronici<br \/>\u2022 Trattamento manuale a mezzo di archivi cartacei<br \/><br \/>Ogni trattamento avviene nel rispetto delle modalit\u00e0 di cui agli artt. 6, 32 del GDPR e mediante l&#8217;adozione delle adeguate misure di sicurezza previste.<br \/><br \/><strong>Comunicazione<\/strong>: i suoi dati saranno comunicati esclusivamente a soggetti competenti e debitamente nominati per l&#8217;espletamento dei servizi necessari ad una corretta gestione del rapporto, con garanzia di tutela dei diritti dell&#8217;interessato.<br \/><br \/>I suoi dati saranno trattati unicamente da personale espressamente autorizzato dal Titolare ed, in particolare, dalle seguenti categorie di addetti:<br \/><br \/>\u2022 Ufficio Amministrazione<br \/>\u2022 Nell&#8217;ambito della gestione del personale<br \/>\u2022 Ufficio Tecnico<br \/><br \/>I suoi dati potranno essere comunicati a terzi debitamente nominati Responsabili al trattamento, in particolare a:<br \/><br \/>\u2022 Consulenti e liberi professionisti, anche in forma associata<br \/>\u2022 Banche e istituti di credito<br \/>\u2022 Nell&#8217;ambito di soggetti pubblici e\/o privati per i quali la comunicazione dei dati \u00e8 obbligatoria o necessaria in adempimento ad obblighi di legge o sia comunque funzionale all&#8217;amministrazione del rapporto<\/h6>\n<h6><strong><br \/>Diffusione<\/strong>: I suoi dati personali non verranno diffusi in alcun modo.<br \/><br \/><strong>Periodo di Conservazione<\/strong>: Le segnaliamo che, nel rispetto dei principi di liceit\u00e0, limitazione delle finalit\u00e0 e minimizzazione dei dati, ai sensi dell\u2019art. 5 del GDPR, il periodo di conservazione dei Suoi dati personali \u00e8:<br \/><br \/>\u2022 Stabilito per un arco di tempo non superiore al conseguimento delle finalit\u00e0 per le quali sono raccolti e trattati per l&#8217;esecuzione e l&#8217;espletamento delle finalit\u00e0 contrattuali<\/h6>\n<h6>\u2022 Stabilito per un arco di tempo non superiore all&#8217;espletamento dei servizi erogati<br \/><br \/>\u2022 Stabilito per un arco di tempo non superiore al conseguimento delle finalit\u00e0 per le quali sono raccolti e trattati e nel rispetto dei tempi obbligatori prescritti dalla legge.<br \/><br \/><br \/><strong>Reg.to UE 2016\/679: Artt. 15, 16, 17, 18, 19, 20, 21, 22 &#8211; Diritti dell&#8217;Interessato<br \/><br \/><\/strong>1. L&#8217;interessato ha diritto di ottenere la conferma dell&#8217;esistenza o meno di dati personali che lo riguardano, anche se non ancora registrati, e la loro comunicazione in forma intelligibile.<br \/><br \/>2. L&#8217;interessato ha diritto di ottenere l&#8217;indicazione: dell&#8217;origine dei dati personali; delle finalit\u00e0 e modalit\u00e0 del trattamento; della logica applicata in caso di trattamento effettuato con l&#8217;ausilio di strumenti elettronici; degli estremi identificativi del titolare, dei responsabili e del rappresentante designato ai sensi dell&#8217;articolo 5, comma 2; dei soggetti o delle categorie di soggetti ai quali i dati personali possono essere comunicati o che possono venirne a conoscenza in qualit\u00e0 di rappresentante designato nel territorio dello Stato, di responsabili o incaricati.<br \/><br \/>3. L&#8217;interessato ha diritto di ottenere: l&#8217;aggiornamento, la rettificazione ovvero, quando vi ha interesse, l&#8217;integrazione dei dati; la cancellazione, la trasformazione in forma anonima o il blocco dei dati trattati in violazione di legge, compresi quelli di cui non \u00e8 necessaria la conservazione in relazione agli scopi per i quali i dati sono stati raccolti o successivamente trattati; l&#8217;attestazione che le operazioni di cui alle lettere a) e b) sono state portate a conoscenza, anche per quanto riguarda il loro contenuto, di coloro ai quali i dati sono stati comunicati o diffusi, eccettuato il caso in cui tale adempimento si rivela impossibile o comporta un impiego di mezzi manifestamente sproporzionato rispetto al diritto tutelato; la portabilit\u00e0 dei dati.<br \/><br \/>4. L&#8217;interessato ha diritto di opporsi, in tutto o in parte: per motivi legittimi al trattamento dei dati personali che lo riguardano, ancorch\u00e9 pertinenti allo scopo della raccolta; al trattamento di dati personali che lo riguardano a fini di invio di materiale pubblicitario o di vendita diretta o per il compimento di ricerche di mercato o di comunicazione commerciale.<\/h6>\n<h6><\/h6>\t\t\t\t\t\t\t\t<\/div>\n\t\t\t\t<\/div>\n\t\t\t\t<div class=\"elementor-element elementor-element-8794f52 elementor-widget elementor-widget-text-editor\" data-id=\"8794f52\" data-element_type=\"widget\" data-e-type=\"widget\" data-widget_type=\"text-editor.default\">\n\t\t\t\t<div class=\"elementor-widget-container\">\n\t\t\t\t\t\t\t\t\t\n<h2 class=\"wp-block-heading\">Informativa sul trattamento dei dati personali Ex Artt. 13 e 14 del regolamento UE 2016\/697<\/h2>\n\t\t\t\t\t\t\t\t<\/div>\n\t\t\t\t<\/div>\n\t\t\t\t<div class=\"elementor-element elementor-element-0836cb3 elementor-widget elementor-widget-text-editor\" data-id=\"0836cb3\" data-element_type=\"widget\" data-e-type=\"widget\" data-widget_type=\"text-editor.default\">\n\t\t\t\t<div class=\"elementor-widget-container\">\n\t\t\t\t\t\t\t\t\t<h6><strong>Soggetti Interessati: visitatori del sito\u00a0internet.<br \/><br \/>THE SOLO HOUSE S.R.L\u00a0<\/strong>nella qualit\u00e0 di titolare del trattamento dei Suoi dati personali (il \u201c<strong>Titolare<\/strong>\u201d), ai sensi e per gli effetti del Regolamento UE 2016\/679 (di seguito \u201c<strong>GDPR<\/strong>\u201d), per mezzo del presente documento La informa, in qualit\u00e0 di soggetto interessato (l\u2019\u201c<strong>Interessato<\/strong>\u201d), che la citata normativa prevede la tutela degli interessati rispetto al trattamento dei dati personali e che tale trattamento sar\u00e0 improntato ai principi di correttezza, liceit\u00e0, trasparenza e di tutela della Sua riservatezza e dei Suoi diritti.<br \/><br \/>I Suoi dati personali verranno trattati in accordo alle disposizioni del GDPR e in aderenza agli obblighi di riservatezza ivi previsti.<br \/><br \/><strong>Finalit\u00e0 del trattamento<br \/><\/strong><\/h6>\n<h6><strong>A. Gestione tecnica sito web<em>\u00a0<\/em>\u2013\u00a0I Suoi dati verranno trattati per le finalit\u00e0 connesse al perseguimento del legittimo interesse del Titolare di garantire la piena operativit\u00e0 e la corretta funzionalit\u00e0 del sito\u00a0internet. A tali fini, nessun Suo dato personale sar\u00e0 conservato in seguito alla chiusura della sessione di navigazione.<br \/><br \/><\/strong>Il trattamento dei dati funzionali al perseguimento di tale legittimo interesse del Titolare e all\u2019adempimento dei relativi obblighi di legge \u00e8 necessario per la corretta gestione del sito e delle attivit\u00e0 ad esso connesse e il loro conferimento \u00e8 obbligatorio per attuare le finalit\u00e0 sopra indicate. Il Titolare rende noto, inoltre, che l\u2019eventuale mancata comunicazione, o comunicazione errata, delle informazioni obbligatorie, pu\u00f2 causare l\u2019impossibilit\u00e0 del Titolare di garantire la congruit\u00e0 del trattamento stesso.<\/h6>\n<h6><strong>B. Marketing e pubblicit\u00e0<em>\u00a0<\/em>\u2013\u00a0Inoltre, La informiamo che i Suoi dati personali potranno essere utilizzati per le seguenti finalit\u00e0, solo ed esclusivamente nel caso in cui abbia prestato specifico consenso, con la sottoscrizione dell\u2019apposito modulo allegato:<br \/><br \/><\/strong>\u25cf\u00a0Marketing<em>\u00a0<\/em>e pubblicit\u00e0.<br \/><br \/>Resta fermo che il conferimento dei Suoi dati \u00e8 per Lei facoltativo riguardo a tali finalit\u00e0 e un Suo eventuale rifiuto al trattamento non compromette la prosecuzione del rapporto o la congruit\u00e0 del trattamento medesimo.<br \/><br \/><strong>C.\u00a0Rispondere a richieste del Soggetto Interessato\u00a0<\/strong>&#8211; nel caso in cui vengano fatte richieste dal Navigatore (Soggetto Interessato) sar\u00e0 cura del Titolare rispondere alle suddette.<br \/><br \/><strong>Modalit\u00e0 del trattamento\u00a0<\/strong>\u2013 I Suoi dati personali potranno essere trattati nei seguenti modi:<br \/><br \/>\u25cf Trattamento con modalit\u00e0 automatizzate, a mezzo di\u00a0computer<em>\u00a0<\/em>o altri strumenti informatici.<br \/><br \/>Ogni trattamento avviene nel rispetto delle modalit\u00e0 di cui agli artt. 6 e 32 del GDPR e mediante l\u2019adozione delle adeguate misure di sicurezza ivi previste.<br \/><br \/>I Suoi dati saranno trattati unicamente da responsabili del trattamento (i \u201c<strong>Responsabili<\/strong>\u201d) e da persone autorizzate al trattamento sotto l\u2019autorit\u00e0 diretta del Titolare o del Responsabile, debitamente formate e a tali fini adeguatamente istruite.<br \/><br \/>In particolare:<br \/><br \/>Per le finalit\u00e0 di cui alla lett. A.\u00a0Gestione tecnica sito web, potranno trattare i Suoi dati, i soggetti che prestano attivit\u00e0 nell\u2019ambito dei seguenti dipartimenti e servizi:<br \/><br \/>\u25cf \u00a0Ufficio\u00a0operativo;<br \/>\u25cf \u00a0Societ\u00e0 di consulenza in ambito qualit\u00e0\/sicurezza\/privacy;<br \/>\u25cf Societ\u00e0 di consulenza informatica nell\u2019ambito della gestione di servizi informatici (server aziendali,\u00a0GPS, ecc).<br \/><br \/>Per le finalit\u00e0 di cui alla lett. B\u00a0Marketing<em> e <\/em>pubblicit\u00e0, potranno trattare i Suoi dati i seguenti soggetti:<br \/><br \/>\u25cf \u00a0Adobe: servizio pubblicitario,\u00a0target<em>\u00a0<\/em>pubblicitario, analitica\/misurazione, ottimizzazione;<br \/>\u25cf \u00a0DoubleClick: servizio pubblicitario,\u00a0target<em>\u00a0<\/em>pubblicitario, analitica\/misurazione, ottimizzazione e personalizzazione dei contenuti;<br \/>\u25cf \u00a0Google: servizio pubblicitario,\u00a0target<em>\u00a0<\/em>pubblicitario, analitica\/misurazione, ottimizzazione e personalizzazione dei contenuti;<br \/>\u25cf \u00a0Google Analytics:\u00a0target<em>\u00a0<\/em>pubblicitario, analitica\/misurazione, ottimizzazione.<br \/><br \/>Per le finalit\u00e0 di cui alla lett. C\u00a0Rispondere a richieste del Soggetto Interessato, potranno trattare i Suoi dati i seguenti soggetti:<\/h6>\n<h6>\u25cf Ufficio\u00a0operativo<em>.<br \/><\/em><\/h6>\n<h6><strong>Comunicazione\u00a0<\/strong>\u2013 Ferme restando le comunicazioni eseguite in adempimento di obblighi di legge e contrattuali, nonch\u00e9 per il perseguimento di un legittimo interesse del Titolare, i Suoi dati potranno essere comunicati a:<br \/><br \/>\u25cf \u00a0Enti pubblici e\/o privati per i quali la comunicazione dei dati \u00e8 obbligatoria o necessaria in relazione alle finalit\u00e0 del trattamento e, comunque, in adempimento di obblighi di legge;<br \/>\u25cf \u00a0Organi costituzionali o di rilievo costituzionale;<br \/><br \/><strong>Diffusione\u00a0<\/strong>\u2013 I Suoi dati personali non saranno oggetto di diffusione. I Suoi dati personali potranno inoltre essere trasferiti, limitatamente alle finalit\u00e0 sopra riportate, nei seguenti Stati:<\/h6>\n<h6>\u25cf Paesi UE<br \/><br \/><strong>Periodo di conservazione\u00a0<\/strong>\u2013 Le segnaliamo che, nel rispetto dei principi di liceit\u00e0, limitazione delle finalit\u00e0 e minimizzazione dei dati, ai sensi dell\u2019art. 5 del GDPR, il periodo di conservazione dei Suoi dati personali \u00e8 stabilito per un arco di tempo non superiore:<br \/><br \/>\u25cf All\u2019esecuzione dei necessari controlli obbligatori da parte dell\u2019Autorit\u00e0 e di enti pubblici;<br \/>\u25cf Al conseguimento delle finalit\u00e0 per le quali sono raccolti e trattati.<\/h6>\n<h6><strong><br \/>Gestione dei\u00a0cookie<em>\u00a0<\/em>\u2013\u00a0<\/strong>I\u00a0cookies<em>\u00a0<\/em>sono stringhe di testo di piccole dimensioni che i siti visitati dagli utenti inviano al suo terminale, dove vengono memorizzati, per essere poi ritrasmessi agli stessi siti alla successiva visita del medesimo utente. I cookies si dividono in tecnici (utilizzati al fine di rendere pi\u00f9 agevole la navigazione ) e di profilazione o di terze parti (utilizzati per profilare l&#8217;utente e inviare pubblicit\u00e0 mirata).<br \/><br \/>COOKIE UTILIZZATI SUL SITO <a href=\"https:\/\/thesolo.house\/it\/\" target=\"_blank\" rel=\"noopener\">https:\/\/www.thesolo.house<\/a><br \/><br \/>Il Sito utilizza:<br \/><br \/>\u25cf \u00a0Cookie di sessione il cui utilizzo non \u00e8 strumentale alla raccolta di dati personali identificativi dell&#8217;Utente, essendo limitato alla sola trasmissione di dati identificativi di sessione nella forma di numeri generati automaticamente dal server. I cookie di sessione non sono memorizzati in modo persistente sul dispositivo dell&#8217;Utente e vengono cancellati automaticamente alla chiusura del browser.<br \/>\u25cf \u00a0Cookie tecnici per registrare la decisione dell&#8217;utente di continuare la navigazione sul sito.<br \/>\u25cf \u00a0Cookie di terze parti utilizzati per il collegamento a Youtube o per l&#8217;utilizzo di plugin come Google Maps. Per maggiori informazioni, gli utenti sono invitati a leggere le note informative sulla privacy fornite dai soggetti che forniscono i servizi in questione :<br \/><br \/><a href=\"https:\/\/www.google.it\/intl\/it\/policies\/technologies\/cookies\/\" target=\"_blank\" rel=\"noopener\">GOOGLE<\/a><br \/><br \/>Continuando la navigazione su questo sito, l&#8217;utente accetta l&#8217;utilizzo dei cookie impiegati.<br \/><br \/>COME DISABILITARE I COOKIE MEDIANTE CONFIGURAZIONE DEL BROWSER<br \/><br \/>E&#8217; comunque possibile disattivarne l&#8217;utilizzo attraverso le impostazioni del browser utilizzato dall&#8217;Utente. Qualora si scegliesse di non accettare i cookie e disabilitarli, alcune funzionalit\u00e0 del sito potrebbero non essere disponibili.<br \/><br \/>Per istruzioni su come verificare o impostare la gestione dei cookie rimandiamo all&#8217;help del Vs. browser. La procedura varia in base del tipo di browser utilizzato. Ad esempio:<br \/><br \/><a href=\"http:\/\/windows.microsoft.com\/it-it\/internet-explorer\/delete-manage-cookies#ie=ie-11\" target=\"_blank\" rel=\"noopener\">Internet Explorer<\/a><br \/><a href=\"https:\/\/support.google.com\/chrome\/answer\/95647?hl=it\" target=\"_blank\" rel=\"noopener\">Chrome<\/a><br \/><a href=\"https:\/\/support.mozilla.org\/it\/kb\/Gestione%20dei%20cookie?redirectlocale=en-%20US&amp;redirectslug=Cookies\" target=\"_blank\" rel=\"noopener\">Firefox<\/a><br \/><a href=\"http:\/\/www.opera.com\/help\/tutorials\/security\/cookies\/%20Safari:%20http:\/\/support.apple.com\/kb\/PH17191\" target=\"_blank\" rel=\"noopener\">Opera<\/a><br \/><br \/><strong>Diritti dell\u2019Interessato<br \/><\/strong><\/h6>\n<ol data-rte-list=\"default\">\n<li>\n<h6><strong>L\u2019Interessato ha diritto di ottenere la conferma dell\u2019esistenza o meno di dati personali che lo riguardano, anche se non ancora registrati, nonch\u00e9 la loro comunicazione in forma intelligibile.<br \/><\/strong><\/h6>\n<\/li>\n<li>\n<h6><strong>L\u2019Interessato ha diritto di ottenere l\u2019indicazione:<br \/><\/strong><\/h6>\n<h6>\u25cf \u00a0Dell\u2019origine dei dati personali;<\/h6>\n<h6>\u25cf \u00a0Delle finalit\u00e0 e modalit\u00e0 del trattamento;<\/h6>\n<h6>\u25cf \u00a0Della logica applicata in caso di trattamento effettuato con l\u2019ausilio di strumenti elettronici;<\/h6>\n<h6>\u25cf \u00a0Degli estremi identificativi del Titolare del trattamento, del responsabile della protezione dei dati (c.d. DPO) e del rappresentante;<\/h6>\n<h6>\u25cf \u00a0Dei soggetti o delle categorie di soggetti ai quali i dati personali possono essere comunicati, o che possono venirne a conoscenza in qualit\u00e0 di rappresentante designato nel territorio dello Stato, di Responsabili o persone autorizzate.<\/h6>\n<\/li>\n<li>\n<h6><strong>L\u2019Interessato ha diritto di ottenere:<br \/><\/strong><\/h6>\n<h6>\u25cf \u00a0L\u2019aggiornamento, la rettifica ovvero, quando vi ha interesse, l\u2019integrazione dei dati;<\/h6>\n<h6>\u25cf \u00a0La cancellazione, la trasformazione in forma anonima o il blocco dei dati trattati in violazione di legge, compresi quelli di cui non \u00e8 necessaria la conservazione in relazione agli scopi per i quali i dati sono stati raccolti o successivamente trattati;<\/h6>\n<h6>\u25cf \u00a0L\u2019attestazione che le operazioni di cui ai punti precedenti sono state portate a conoscenza, anche per quanto riguarda il loro contenuto, di coloro ai quali i dati sono stati comunicati, eccettuato il caso in cui tale adempimento si rivela impossibile o comporta un impiego di mezzi manifestamente sproporzionato rispetto al diritto tutelato;<\/h6>\n<h6>\u25cf \u00a0La portabilit\u00e0 dei dati.<\/h6>\n<\/li>\n<li>\n<h6>L\u2019Interessato ha diritto di opporsi, in tutto o in parte, al trattamento dei dati personali che lo riguardano, per motivi connessi alla sua situazione personale.<\/h6>\n<\/li>\n<li>\n<h6>Al fine di esercitare i diritti e ottenere ogni utile informazione relativa al trattamento dei Suoi dati, potr\u00e0 formulare espressa richiesta scritta via mail: <a href=\"mailto:info@thesolo.house\">info@thesolo.house<\/a><\/h6>\n<\/li>\n<li>\n<h6>Fatto salvo ogni altro ricorso amministrativo o giurisdizionale, Lei ha il diritto di proporre reclamo all\u2019Autorit\u00e0 di controllo competente, qualora ritenga che il trattamento che La riguarda violi il GDPR.<\/h6>\n<\/li>\n<\/ol>\t\t\t\t\t\t\t\t<\/div>\n\t\t\t\t<\/div>\n\t\t\t\t\t<\/div>\n\t\t\t\t<\/div>\n\t\t\t\t<\/div>","protected":false},"excerpt":{"rendered":"<p>Informativa sul trattamento dei dati pwrsonali Ex Artt. 13 e 14 del regolamento UE 2016\/679<\/p>\n<p>Soggetti Interessati: clienti e referenti presso aziende cliente, visitatori del sito internet.<\/p>","protected":false},"author":220971859,"featured_media":8655,"parent":0,"menu_order":0,"comment_status":"closed","ping_status":"closed","template":"","meta":{"advanced_seo_description":"","jetpack_seo_html_title":"","jetpack_seo_noindex":false,"jetpack_seo_schema_type":"","_wpcom_ai_launchpad_about_page":false,"_wpcom_ai_launchpad_gallery_page":false,"_wpcom_ai_launchpad_contact_page":false,"_wpcom_ai_launchpad_events_page":false,"_wpcom_ai_launchpad_video_page":false,"_wpcom_ai_launchpad_portfolio_piece":false,"footnotes":""},"class_list":["post-6786","page","type-page","status-publish","has-post-thumbnail","hentry"],"jetpack_shortlink":"https:\/\/wp.me\/Pfvd1J-1Ls","jetpack-related-posts":[],"jetpack_sharing_enabled":true,"_links":{"self":[{"href":"https:\/\/thesolo.house\/it\/wp-json\/wp\/v2\/pages\/6786","targetHints":{"allow":["GET"]}}],"collection":[{"href":"https:\/\/thesolo.house\/it\/wp-json\/wp\/v2\/pages"}],"about":[{"href":"https:\/\/thesolo.house\/it\/wp-json\/wp\/v2\/types\/page"}],"author":[{"embeddable":true,"href":"https:\/\/thesolo.house\/it\/wp-json\/wp\/v2\/users\/220971859"}],"replies":[{"embeddable":true,"href":"https:\/\/thesolo.house\/it\/wp-json\/wp\/v2\/comments?post=6786"}],"version-history":[{"count":6,"href":"https:\/\/thesolo.house\/it\/wp-json\/wp\/v2\/pages\/6786\/revisions"}],"predecessor-version":[{"id":8674,"href":"https:\/\/thesolo.house\/it\/wp-json\/wp\/v2\/pages\/6786\/revisions\/8674"}],"wp:featuredmedia":[{"embeddable":true,"href":"https:\/\/thesolo.house\/it\/wp-json\/wp\/v2\/media\/8655"}],"wp:attachment":[{"href":"https:\/\/thesolo.house\/it\/wp-json\/wp\/v2\/media?parent=6786"}],"curies":[{"name":"wp","href":"https:\/\/api.w.org\/{rel}","templated":true}]}}